{"id":50594,"date":"2020-04-23T11:00:34","date_gmt":"2020-04-23T11:00:34","guid":{"rendered":"https:\/\/www.digirocks.fr\/talents\/responsable-ecommerce-paris-6216a673388638d30346c958\/"},"modified":"2020-04-23T11:00:34","modified_gmt":"2020-04-23T11:00:34","slug":"responsable-ecommerce-paris-6216a673388638d30346c958","status":"publish","type":"talents","link":"https:\/\/www.digirocks.fr\/en\/talents\/responsable-ecommerce-paris-6216a673388638d30346c958\/","title":{"rendered":"RESPONSABLE ECOMMERCE Paris"},"content":{"rendered":"<p><strong>REF :<\/strong> 62e05036d39dd5471a7cb131<\/p>\n<p>Je recherche un emploi de RESPONSABLE ECOMMERCE id\u00e9alement \u00e0 Paris, mes pr\u00e9tentions salariales sont de 50000 \u20ac\/an<\/p>\n<p>Mes comp\u00e9tences sont :<\/p>\n<p>Gestion de projet<\/p>\n<p>Reporting<\/p>\n<p>Soft Data : Google Analytics<\/p>\n<p>Soft UX \/ CRO : ABTasty<\/p>\n<p>Soft UX \/ CRO : Kameleoon<\/p>\n<p>Le Rocker ou la rockeuse qui m&#8217;accompagne est Emilie DUMAS Sp\u00e9cialiste des recrutement RESPONSABLE ECOMMERCE<\/p>\n","protected":false},"featured_media":0,"template":"","talents":[178],"class_list":["post-50594","talents","type-talents","status-publish","hentry","talents-responsable-ecommerce"],"acf":[],"_links":{"self":[{"href":"https:\/\/www.digirocks.fr\/en\/wp-json\/wp\/v2\/talents\/50594"}],"collection":[{"href":"https:\/\/www.digirocks.fr\/en\/wp-json\/wp\/v2\/talents"}],"about":[{"href":"https:\/\/www.digirocks.fr\/en\/wp-json\/wp\/v2\/types\/talents"}],"version-history":[{"count":0,"href":"https:\/\/www.digirocks.fr\/en\/wp-json\/wp\/v2\/talents\/50594\/revisions"}],"wp:attachment":[{"href":"https:\/\/www.digirocks.fr\/en\/wp-json\/wp\/v2\/media?parent=50594"}],"wp:term":[{"taxonomy":"talents","embeddable":true,"href":"https:\/\/www.digirocks.fr\/en\/wp-json\/wp\/v2\/talents?post=50594"}],"curies":[{"name":"wp","href":"https:\/\/api.w.org\/{rel}","templated":true}]}}